{"id":155,"date":"2015-06-17T21:23:58","date_gmt":"2015-06-17T21:23:58","guid":{"rendered":"https:\/\/www.brenoporto.com.br\/brejeiro\/paraseunegocio\/paraseunegocio\/?page_id=155"},"modified":"2015-07-30T20:09:54","modified_gmt":"2015-07-30T20:09:54","slug":"representantes","status":"publish","type":"page","link":"https:\/\/brejeiro.com.br\/paraseunegocio\/representantes\/","title":{"rendered":"Representantes"},"content":{"rendered":"<div class='content-column one_half'><p><img loading=\"lazy\" decoding=\"async\" class=\"alignnone size-full wp-image-271\" src=\"http:\/\/brejeiro.com.br\/paraseunegocio\/wp-content\/uploads\/2015\/06\/paraseunegocio_mapa-representantes.jpg\" alt=\"mapa-representantes\" width=\"382\" height=\"430\" srcset=\"https:\/\/brejeiro.com.br\/paraseunegocio\/wp-content\/uploads\/2015\/06\/paraseunegocio_mapa-representantes.jpg 382w, https:\/\/brejeiro.com.br\/paraseunegocio\/wp-content\/uploads\/2015\/06\/paraseunegocio_mapa-representantes-267x300.jpg 267w\" sizes=\"auto, (max-width: 382px) 100vw, 382px\" \/><\/p>\n<p>&nbsp;<\/p>\n<p>&nbsp;<\/p>\n<h2><span style=\"color: #a3c539\">SUDESTE<\/span><\/h2>\n<h3><span style=\"color: #a3c539\">Vanderci &#8211; Vendas<\/span><\/h3>\n<p>\u00c1rea de Atua\u00e7\u00e3o \u2013 Estado de S\u00e3o Paulo<br \/>\nTel.\u00a0(16) 3820 5058<br \/>\nvendas@brejeiro.com.br<br \/>\nDivis\u00e3o \u00d3leo\/Arroz<\/p>\n<h3><span style=\"color: #a3c539\">Eug\u00eania J.C. Campos &#8211; Representante<\/span><\/h3>\n<p>\u00c1rea de Atua\u00e7\u00e3o \u2013 Estado do Rio de\u00a0Janeiro<br \/>\nTel.\u00a0(21) 2584-7747<br \/>\nvendas@brejeiro.com.br<br \/>\nDivis\u00e3o \u00d3leo\/Arroz<\/p>\n<h3><span style=\"color: #a3c539\">Fl\u00e0vio Marcelo Alves &#8211; Coordenador de Vendas<\/span><\/h3>\n<p>\u00c1rea de Atua\u00e7\u00e3o &#8211; Todo Territ\u00f3rio Nacional<br \/>\nTel. (16) 3820-5057<br \/>\ngordura@brejeiro.com.br<br \/>\nDivis\u00e3o Gordura Vegetal<\/p>\n<h3><span style=\"color: #a3c539\">Carlos Cesar Alves\u00a0&#8211; COMEX<\/span><\/h3>\n<p>Tel. (16) 3820-5045<br \/>\ncesar@brejeiro.com.br<br \/>\nDivis\u00e3o Lecitina de Soja \/ \u00c1cido Graxo de Soja<\/p><\/div>\n<div class='content-column one_half last_column'><h2><span style=\"color: #ed1b2e\">CENTRO-OESTE<\/span><\/h2>\n<h3><span style=\"color: #ed1b2e\">Carlos Eduardo Gomiero &#8211; Coordenador de Vendas<\/span><\/h3>\n<p>\u00c1rea de Atua\u00e7\u00e3o &#8211; Estado de Goi\u00e1s<br \/>\nTel. (62) 4014-8000<br \/>\ngomiero@brejeiro.com.br<br \/>\nDivis\u00e3o \u00d3leo\/Arroz<\/p>\n<h3><span style=\"color: #ed1b2e\">Fl\u00e1vio Marcelo Alves &#8211; Coordenador de Vendas<\/span><\/h3>\n<p>\u00c1rea de Atua\u00e7\u00e3o &#8211; Todo Territ\u00f3rio Nacional<br \/>\nTel. (16) 3820-5057<br \/>\ngordura@brejeiro.com.br<br \/>\nDivis\u00e3o Gordura Vegetal<\/p>\n<h3><span style=\"color: #ed1b2e\">Fl\u00e1vio\u00a0Henrique Cristov\u00e3o\u00a0&#8211; Coordenador de Vendas<\/span><\/h3>\n<p>\u00c1rea de Atua\u00e7\u00e3o &#8211; Todo Territ\u00f3rio Nacional<br \/>\nTel. (16) 3820-5080<br \/>\nproteina@brejeiro.com.br<br \/>\nDivis\u00e3o Prote\u00edna\/Farelo Branco<\/p>\n<h3><span style=\"color: #ed1b2e\">Carlos Cesar Alves &#8211; COMEX<\/span><\/h3>\n<p>Tel. (16) 3820 5045<br \/>\ncesar@brejeiro.com.br<br \/>\nDivis\u00e3o Lecitina de Soja \/ \u00c1cido Graxo de Soja<\/p>\n<p>&nbsp;<\/p>\n<p>&nbsp;<\/p>\n<h2><span style=\"color: #ffc20e\">NORTE<\/span><\/h2>\n<h3><span style=\"color: #ffc20e\">Carlos Eduardo Gomiero &#8211; Coordenador de Vendas<\/span><\/h3>\n<p>Tel. (62)\u00a04014-8000<br \/>\ngomiero@brejeiro.com.br<br \/>\nDivis\u00e3o \u00d3leo\/Arroz<\/p>\n<h3><span style=\"color: #ffc20e\">Fl\u00e1vio Marcelo Alves &#8211; Coordenador de Vendas<\/span><\/h3>\n<p>\u00c1rea de Atua\u00e7\u00e3o &#8211; Todo Territ\u00f3rio Nacional<br \/>\nTel. (16) 3820-5057<br \/>\ngordura@brejeiro.com.br<br \/>\nDivis\u00e3o Gordura Vegetal<\/p><\/div><div class='clear_column'><\/div>\n","protected":false},"excerpt":{"rendered":"","protected":false},"author":6,"featured_media":0,"parent":0,"menu_order":0,"comment_status":"open","ping_status":"open","template":"","meta":{"footnotes":""},"class_list":["post-155","page","type-page","status-publish","hentry"],"yoast_head":"<!-- This site is optimized with the Yoast SEO plugin v27.2 - https:\/\/yoast.com\/product\/yoast-seo-wordpress\/ -->\n<title>Representantes - Para seu neg\u00f3cio<\/title>\n<meta name=\"robots\" content=\"index, follow, max-snippet:-1, max-image-preview:large, max-video-preview:-1\" \/>\n<link rel=\"canonical\" href=\"https:\/\/brejeiro.com.br\/paraseunegocio\/representantes\/\" \/>\n<meta property=\"og:locale\" content=\"pt_BR\" \/>\n<meta property=\"og:type\" content=\"article\" \/>\n<meta property=\"og:title\" content=\"Representantes - Para seu neg\u00f3cio\" \/>\n<meta property=\"og:url\" content=\"https:\/\/brejeiro.com.br\/paraseunegocio\/representantes\/\" \/>\n<meta property=\"og:site_name\" content=\"Para seu neg\u00f3cio\" \/>\n<meta property=\"article:modified_time\" content=\"2015-07-30T20:09:54+00:00\" \/>\n<meta property=\"og:image\" content=\"http:\/\/brejeiro.com.br\/paraseunegocio\/wp-content\/uploads\/2015\/06\/paraseunegocio_mapa-representantes.jpg\" \/>\n<meta name=\"twitter:card\" content=\"summary_large_image\" \/>\n<meta name=\"twitter:label1\" content=\"Est. tempo de leitura\" \/>\n\t<meta name=\"twitter:data1\" content=\"1 minuto\" \/>\n<script type=\"application\/ld+json\" class=\"yoast-schema-graph\">{\"@context\":\"https:\/\/schema.org\",\"@graph\":[{\"@type\":\"WebPage\",\"@id\":\"https:\/\/brejeiro.com.br\/paraseunegocio\/representantes\/\",\"url\":\"https:\/\/brejeiro.com.br\/paraseunegocio\/representantes\/\",\"name\":\"Representantes - Para seu neg\u00f3cio\",\"isPartOf\":{\"@id\":\"https:\/\/brejeiro.com.br\/paraseunegocio\/#website\"},\"primaryImageOfPage\":{\"@id\":\"https:\/\/brejeiro.com.br\/paraseunegocio\/representantes\/#primaryimage\"},\"image\":{\"@id\":\"https:\/\/brejeiro.com.br\/paraseunegocio\/representantes\/#primaryimage\"},\"thumbnailUrl\":\"http:\/\/brejeiro.com.br\/paraseunegocio\/wp-content\/uploads\/2015\/06\/paraseunegocio_mapa-representantes.jpg\",\"datePublished\":\"2015-06-17T21:23:58+00:00\",\"dateModified\":\"2015-07-30T20:09:54+00:00\",\"breadcrumb\":{\"@id\":\"https:\/\/brejeiro.com.br\/paraseunegocio\/representantes\/#breadcrumb\"},\"inLanguage\":\"pt-BR\",\"potentialAction\":[{\"@type\":\"ReadAction\",\"target\":[\"https:\/\/brejeiro.com.br\/paraseunegocio\/representantes\/\"]}]},{\"@type\":\"ImageObject\",\"inLanguage\":\"pt-BR\",\"@id\":\"https:\/\/brejeiro.com.br\/paraseunegocio\/representantes\/#primaryimage\",\"url\":\"https:\/\/brejeiro.com.br\/paraseunegocio\/wp-content\/uploads\/2015\/06\/paraseunegocio_mapa-representantes.jpg\",\"contentUrl\":\"https:\/\/brejeiro.com.br\/paraseunegocio\/wp-content\/uploads\/2015\/06\/paraseunegocio_mapa-representantes.jpg\",\"width\":382,\"height\":430},{\"@type\":\"BreadcrumbList\",\"@id\":\"https:\/\/brejeiro.com.br\/paraseunegocio\/representantes\/#breadcrumb\",\"itemListElement\":[{\"@type\":\"ListItem\",\"position\":1,\"name\":\"In\u00edcio\",\"item\":\"http:\/\/brejeiro.com.br\/paraseunegocio\/\"},{\"@type\":\"ListItem\",\"position\":2,\"name\":\"Representantes\"}]},{\"@type\":\"WebSite\",\"@id\":\"https:\/\/brejeiro.com.br\/paraseunegocio\/#website\",\"url\":\"https:\/\/brejeiro.com.br\/paraseunegocio\/\",\"name\":\"Para seu neg\u00f3cio\",\"description\":\"Uma marca de respeito.\",\"potentialAction\":[{\"@type\":\"SearchAction\",\"target\":{\"@type\":\"EntryPoint\",\"urlTemplate\":\"https:\/\/brejeiro.com.br\/paraseunegocio\/?s={search_term_string}\"},\"query-input\":{\"@type\":\"PropertyValueSpecification\",\"valueRequired\":true,\"valueName\":\"search_term_string\"}}],\"inLanguage\":\"pt-BR\"}]}<\/script>\n<!-- \/ Yoast SEO plugin. -->","yoast_head_json":{"title":"Representantes - Para seu neg\u00f3cio","robots":{"index":"index","follow":"follow","max-snippet":"max-snippet:-1","max-image-preview":"max-image-preview:large","max-video-preview":"max-video-preview:-1"},"canonical":"https:\/\/brejeiro.com.br\/paraseunegocio\/representantes\/","og_locale":"pt_BR","og_type":"article","og_title":"Representantes - Para seu neg\u00f3cio","og_url":"https:\/\/brejeiro.com.br\/paraseunegocio\/representantes\/","og_site_name":"Para seu neg\u00f3cio","article_modified_time":"2015-07-30T20:09:54+00:00","og_image":[{"url":"http:\/\/brejeiro.com.br\/paraseunegocio\/wp-content\/uploads\/2015\/06\/paraseunegocio_mapa-representantes.jpg","type":"","width":"","height":""}],"twitter_card":"summary_large_image","twitter_misc":{"Est. tempo de leitura":"1 minuto"},"schema":{"@context":"https:\/\/schema.org","@graph":[{"@type":"WebPage","@id":"https:\/\/brejeiro.com.br\/paraseunegocio\/representantes\/","url":"https:\/\/brejeiro.com.br\/paraseunegocio\/representantes\/","name":"Representantes - Para seu neg\u00f3cio","isPartOf":{"@id":"https:\/\/brejeiro.com.br\/paraseunegocio\/#website"},"primaryImageOfPage":{"@id":"https:\/\/brejeiro.com.br\/paraseunegocio\/representantes\/#primaryimage"},"image":{"@id":"https:\/\/brejeiro.com.br\/paraseunegocio\/representantes\/#primaryimage"},"thumbnailUrl":"http:\/\/brejeiro.com.br\/paraseunegocio\/wp-content\/uploads\/2015\/06\/paraseunegocio_mapa-representantes.jpg","datePublished":"2015-06-17T21:23:58+00:00","dateModified":"2015-07-30T20:09:54+00:00","breadcrumb":{"@id":"https:\/\/brejeiro.com.br\/paraseunegocio\/representantes\/#breadcrumb"},"inLanguage":"pt-BR","potentialAction":[{"@type":"ReadAction","target":["https:\/\/brejeiro.com.br\/paraseunegocio\/representantes\/"]}]},{"@type":"ImageObject","inLanguage":"pt-BR","@id":"https:\/\/brejeiro.com.br\/paraseunegocio\/representantes\/#primaryimage","url":"https:\/\/brejeiro.com.br\/paraseunegocio\/wp-content\/uploads\/2015\/06\/paraseunegocio_mapa-representantes.jpg","contentUrl":"https:\/\/brejeiro.com.br\/paraseunegocio\/wp-content\/uploads\/2015\/06\/paraseunegocio_mapa-representantes.jpg","width":382,"height":430},{"@type":"BreadcrumbList","@id":"https:\/\/brejeiro.com.br\/paraseunegocio\/representantes\/#breadcrumb","itemListElement":[{"@type":"ListItem","position":1,"name":"In\u00edcio","item":"http:\/\/brejeiro.com.br\/paraseunegocio\/"},{"@type":"ListItem","position":2,"name":"Representantes"}]},{"@type":"WebSite","@id":"https:\/\/brejeiro.com.br\/paraseunegocio\/#website","url":"https:\/\/brejeiro.com.br\/paraseunegocio\/","name":"Para seu neg\u00f3cio","description":"Uma marca de respeito.","potentialAction":[{"@type":"SearchAction","target":{"@type":"EntryPoint","urlTemplate":"https:\/\/brejeiro.com.br\/paraseunegocio\/?s={search_term_string}"},"query-input":{"@type":"PropertyValueSpecification","valueRequired":true,"valueName":"search_term_string"}}],"inLanguage":"pt-BR"}]}},"_links":{"self":[{"href":"https:\/\/brejeiro.com.br\/paraseunegocio\/wp-json\/wp\/v2\/pages\/155","targetHints":{"allow":["GET"]}}],"collection":[{"href":"https:\/\/brejeiro.com.br\/paraseunegocio\/wp-json\/wp\/v2\/pages"}],"about":[{"href":"https:\/\/brejeiro.com.br\/paraseunegocio\/wp-json\/wp\/v2\/types\/page"}],"author":[{"embeddable":true,"href":"https:\/\/brejeiro.com.br\/paraseunegocio\/wp-json\/wp\/v2\/users\/6"}],"replies":[{"embeddable":true,"href":"https:\/\/brejeiro.com.br\/paraseunegocio\/wp-json\/wp\/v2\/comments?post=155"}],"version-history":[{"count":5,"href":"https:\/\/brejeiro.com.br\/paraseunegocio\/wp-json\/wp\/v2\/pages\/155\/revisions"}],"predecessor-version":[{"id":951,"href":"https:\/\/brejeiro.com.br\/paraseunegocio\/wp-json\/wp\/v2\/pages\/155\/revisions\/951"}],"wp:attachment":[{"href":"https:\/\/brejeiro.com.br\/paraseunegocio\/wp-json\/wp\/v2\/media?parent=155"}],"curies":[{"name":"wp","href":"https:\/\/api.w.org\/{rel}","templated":true}]}}